{"id":2733,"date":"2014-07-29T11:55:08","date_gmt":"2014-07-29T09:55:08","guid":{"rendered":"http:\/\/www.lacamporena.it\/territorio\/valdarno\/"},"modified":"2014-10-08T10:29:11","modified_gmt":"2014-10-08T08:29:11","slug":"valdarno","status":"publish","type":"page","link":"https:\/\/lacamporena.it\/?page_id=2733","title":{"rendered":"Valdarno"},"content":{"rendered":"<p style=\"text-align: justify;\">Wie schon der Name <strong>Valdarno<\/strong> sagt, ist dieses breite Tal (Valle) \u00fcber die Jahrhunderte durch <strong>den Verlauf des Arno entstanden<\/strong>.<\/p>\n<p style=\"text-align: justify;\"><strong>Die Landschaft ist einzigartig und malerisch, denn das Tal ist im Nord-Osten durch das Bergmassiv Pratomagno<\/strong>, im S\u00fcd-Westen von den H\u00fcgeln des <strong>Chianti<\/strong> eingerahmt. Die St\u00e4dte und die kleinen D\u00f6rfer sind von bl\u00fchender, gr\u00fcner Natur und oft von Eichenw\u00e4ldern umschlossen.<br \/>\nAuf dem Weg durch das Tal sehen Sie immer wieder einladende Orte, jeder einzelne mit senem eigenen Dorfplatz, seiner Kirche und seinem kleinen, aber interessanten Museum. Von all den Orten w\u00fcrden wir Ihnen empfehlen, <strong>San Giovanni Valdarno<\/strong> zu besichtigen, wo am 21. Dezember 1401 <strong>Masaccio<\/strong>, der vielseitige und innovative K\u00fcnstler der italienischen Renaissance, das Licht der Welt erblickte. Auf dem Corso Italia im Zentrum des Ortes k\u00f6nnen Sie das Geburtshaus der gro\u00dfen Malers besichtigen. San Giovanni Valdarno ist nur etwa eine halbe Stunde vom Agrirurismo Anno entfernt.<\/p>\n<p style=\"text-align: justify;\">Wenn Sie die Hauptstra\u00dfen, die durch das gesamte Valdarno f\u00fchren, verlassen, werden Sie die <strong>wundersch\u00f6ne Natur<\/strong> entdecken, die dieses Tal ausmacht: die Olivenhaine, die gr\u00fcnen W\u00e4lder und die Steilh\u00e4nge, die noch an den pr\u00e4historischen Ursprung dieser Region erinnern.<\/p>\n<p style=\"text-align: justify;\">Uscendo dalle strade principali che attraversano tutto il Valdarno avrete modo di scoprire la <strong>meravigliosa natura<\/strong> che si trova in questa valle: i campi di ulivi, i boschi verdi e le \u201cbalze\u201dche ricordano le origini preistoriche della zona.<\/p>\n<p style=\"trext-align: justify;\">Im Valdarno sind auch die gr\u00f6\u00dften <strong>Mode-Outlets<\/strong> wie &#8220;The Mall&#8221; zu Hause. Dort finden Sie Marken wie Gucci, Cavalli, Armani und Prada sowie Dolce &amp; Gabbana.<\/p>\n\n\t\t<style type=\"text\/css\">\n\t\t\t#gallery-1 {\n\t\t\t\tmargin: auto;\n\t\t\t}\n\t\t\t#gallery-1 .gallery-item {\n\t\t\t\tfloat: left;\n\t\t\t\tmargin-top: 10px;\n\t\t\t\ttext-align: center;\n\t\t\t\twidth: 33%;\n\t\t\t}\n\t\t\t#gallery-1 img {\n\t\t\t\tborder: 2px solid #cfcfcf;\n\t\t\t}\n\t\t\t#gallery-1 .gallery-caption {\n\t\t\t\tmargin-left: 0;\n\t\t\t}\n\t\t\t\/* see gallery_shortcode() in wp-includes\/media.php *\/\n\t\t<\/style>\n\t\t<div id='gallery-1' class='gallery galleryid-2733 gallery-columns-3 gallery-size-thumbnail'><dl class='gallery-item'>\n\t\t\t<dt class='gallery-icon landscape'>\n\t\t\t\t<a href='https:\/\/lacamporena.it\/wp-content\/uploads\/2014\/07\/panorama-valadrano.jpg' title=\"\" data-rl_title=\"\" class=\"rl-gallery-link\" data-rl_caption=\"\" data-rel=\"lightbox-gallery-1\"><img width=\"150\" height=\"150\" src=\"https:\/\/lacamporena.it\/wp-content\/uploads\/2014\/07\/panorama-valadrano-150x150.jpg\" class=\"attachment-thumbnail size-thumbnail\" alt=\"Estate in Toscana girasoli\" decoding=\"async\" loading=\"lazy\" srcset=\"https:\/\/lacamporena.it\/wp-content\/uploads\/2014\/07\/panorama-valadrano-150x150.jpg 150w, https:\/\/lacamporena.it\/wp-content\/uploads\/2014\/07\/panorama-valadrano-157x157.jpg 157w, https:\/\/lacamporena.it\/wp-content\/uploads\/2014\/07\/panorama-valadrano-400x400.jpg 400w\" sizes=\"(max-width: 150px) 100vw, 150px\" \/><\/a>\n\t\t\t<\/dt><\/dl><dl class='gallery-item'>\n\t\t\t<dt class='gallery-icon landscape'>\n\t\t\t\t<a href='https:\/\/lacamporena.it\/wp-content\/uploads\/2014\/07\/balze-valdarno.jpg' title=\"\" data-rl_title=\"\" class=\"rl-gallery-link\" data-rl_caption=\"\" data-rel=\"lightbox-gallery-1\"><img width=\"150\" height=\"150\" src=\"https:\/\/lacamporena.it\/wp-content\/uploads\/2014\/07\/balze-valdarno-150x150.jpg\" class=\"attachment-thumbnail size-thumbnail\" alt=\"Panorama del Valdarno in Toscana\" decoding=\"async\" loading=\"lazy\" srcset=\"https:\/\/lacamporena.it\/wp-content\/uploads\/2014\/07\/balze-valdarno-150x150.jpg 150w, https:\/\/lacamporena.it\/wp-content\/uploads\/2014\/07\/balze-valdarno-157x157.jpg 157w, https:\/\/lacamporena.it\/wp-content\/uploads\/2014\/07\/balze-valdarno-400x400.jpg 400w\" sizes=\"(max-width: 150px) 100vw, 150px\" \/><\/a>\n\t\t\t<\/dt><\/dl><dl class='gallery-item'>\n\t\t\t<dt class='gallery-icon landscape'>\n\t\t\t\t<a href='https:\/\/lacamporena.it\/wp-content\/uploads\/2014\/07\/san-giovanni-valdarno.jpg' title=\"\" data-rl_title=\"\" class=\"rl-gallery-link\" data-rl_caption=\"\" data-rel=\"lightbox-gallery-1\"><img width=\"150\" height=\"150\" src=\"https:\/\/lacamporena.it\/wp-content\/uploads\/2014\/07\/san-giovanni-valdarno-150x150.jpg\" class=\"attachment-thumbnail size-thumbnail\" alt=\"San Giovanni Valdarno\" decoding=\"async\" loading=\"lazy\" srcset=\"https:\/\/lacamporena.it\/wp-content\/uploads\/2014\/07\/san-giovanni-valdarno-150x150.jpg 150w, https:\/\/lacamporena.it\/wp-content\/uploads\/2014\/07\/san-giovanni-valdarno-157x157.jpg 157w, https:\/\/lacamporena.it\/wp-content\/uploads\/2014\/07\/san-giovanni-valdarno-400x400.jpg 400w\" sizes=\"(max-width: 150px) 100vw, 150px\" \/><\/a>\n\t\t\t<\/dt><\/dl><br style=\"clear: both\" \/>\n\t\t<\/div>\n\n","protected":false},"excerpt":{"rendered":"<p>Wie schon der Name Valdarno sagt, ist dieses breite Tal (Valle) \u00fcber die Jahrhunderte durch den Verlauf des Arno entstanden. Die Landschaft ist einzigartig und malerisch, denn das Tal ist im Nord-Osten durch das Bergmassiv Pratomagno, im S\u00fcd-Westen von den H\u00fcgeln des Chianti eingerahmt. Die St\u00e4dte und die kleinen D\u00f6rfer sind von bl\u00fchender, gr\u00fcner Natur [&hellip;]<\/p>\n","protected":false},"author":12,"featured_media":3850,"parent":2709,"menu_order":0,"comment_status":"open","ping_status":"open","template":"","meta":{"_expiration-date-status":"saved","_expiration-date":0,"_expiration-date-type":"","_expiration-date-categories":[],"_expiration-date-options":[]},"categories":[],"tags":[],"_links":{"self":[{"href":"https:\/\/lacamporena.it\/index.php?rest_route=\/wp\/v2\/pages\/2733"}],"collection":[{"href":"https:\/\/lacamporena.it\/index.php?rest_route=\/wp\/v2\/pages"}],"about":[{"href":"https:\/\/lacamporena.it\/index.php?rest_route=\/wp\/v2\/types\/page"}],"author":[{"embeddable":true,"href":"https:\/\/lacamporena.it\/index.php?rest_route=\/wp\/v2\/users\/12"}],"replies":[{"embeddable":true,"href":"https:\/\/lacamporena.it\/index.php?rest_route=%2Fwp%2Fv2%2Fcomments&post=2733"}],"version-history":[{"count":0,"href":"https:\/\/lacamporena.it\/index.php?rest_route=\/wp\/v2\/pages\/2733\/revisions"}],"up":[{"embeddable":true,"href":"https:\/\/lacamporena.it\/index.php?rest_route=\/wp\/v2\/pages\/2709"}],"wp:featuredmedia":[{"embeddable":true,"href":"https:\/\/lacamporena.it\/index.php?rest_route=\/wp\/v2\/media\/3850"}],"wp:attachment":[{"href":"https:\/\/lacamporena.it\/index.php?rest_route=%2Fwp%2Fv2%2Fmedia&parent=2733"}],"wp:term":[{"taxonomy":"category","embeddable":true,"href":"https:\/\/lacamporena.it\/index.php?rest_route=%2Fwp%2Fv2%2Fcategories&post=2733"},{"taxonomy":"post_tag","embeddable":true,"href":"https:\/\/lacamporena.it\/index.php?rest_route=%2Fwp%2Fv2%2Ftags&post=2733"}],"curies":[{"name":"wp","href":"https:\/\/api.w.org\/{rel}","templated":true}]}}