{"id":2242,"date":"2014-07-03T17:10:18","date_gmt":"2014-07-03T15:10:18","guid":{"rendered":"http:\/\/www.lacamporena.it\/homepage-2-2\/"},"modified":"2016-10-26T17:47:41","modified_gmt":"2016-10-26T15:47:41","slug":"homepage-2-2-2","status":"publish","type":"page","link":"https:\/\/lacamporena.it\/?page_id=2242","title":{"rendered":"Homepage"},"content":{"rendered":"<p><div class=\"et_pb_section et_pb_section_parallax et_pb_fullwidth_section et_section_regular\" style='background-color:#ffffff;'>\n\t\t\t\n\t\t\t\n\t\t\t\t\n\t\t\t\t<div class=\"et_pb_slider et_pb_slider_parallax et_slider_auto et_slider_speed_7000\">\n\t\t\t<div class=\"et_pb_slides\">\n\t\t\t\t<div class=\"et_pb_slide et_pb_bg_layout_light et_pb_media_alignment_center\" style='background-color:#ffffff;'>\n\t\t\t<div class=\"et_parallax_bg et_pb_parallax_css\" style=\"background-image: url(https:\/\/lacamporena.it\/wp-content\/uploads\/2014\/07\/piscina-agriturismo-chianti-IMG-EV2.jpg);\"><\/div>\n\t\t\t<div class=\"et_pb_container clearfix\">\n\t\t\t\t\n\t\t\t\t<div class=\"et_pb_slide_description\">\n\t\t\t\t\t<h2>Die Welt geh\u00f6rt denen, die den Mut haben zu tr\u00e4umen und das Risiko eingehen, die eigenen Tr\u00e4ume zu erleben.<\/h2>\n\t\t\t\t\t<div class=\"et_pb_slide_content\">\n<p>P. Coelho<\/p>\n<\/div>\n\t\t\t\t\t\n\t\t\t\t<\/div> <!-- .et_pb_slide_description -->\n\t\t\t<\/div> <!-- .et_pb_container -->\n\t\t\t\n\t\t<\/div> <!-- .et_pb_slide -->\n\t\t<div class=\"et_pb_slide et_pb_bg_layout_light et_pb_media_alignment_center\" style='background-color:#ffffff;'>\n\t\t\t<div class=\"et_parallax_bg et_pb_parallax_css\" style=\"background-image: url(https:\/\/lacamporena.it\/wp-content\/uploads\/2014\/07\/botti3.jpg);\"><\/div>\n\t\t\t<div class=\"et_pb_container clearfix\">\n\t\t\t\t\n\t\t\t\t<div class=\"et_pb_slide_description\">\n\t\t\t\t\t<h2>Eine Flasche Wein enth\u00e4lt mehr Philosophie als alle B\u00fccher der Welt.<\/h2>\n\t\t\t\t\t<div class=\"et_pb_slide_content\">\n<p>L. Pasteur<\/p>\n<\/div>\n\t\t\t\t\t\n\t\t\t\t<\/div> <!-- .et_pb_slide_description -->\n\t\t\t<\/div> <!-- .et_pb_container -->\n\t\t\t\n\t\t<\/div> <!-- .et_pb_slide -->\n\t\t<div class=\"et_pb_slide et_pb_bg_layout_light et_pb_media_alignment_center\" style='background-color:#ffffff;'>\n\t\t\t<div class=\"et_parallax_bg et_pb_parallax_css\" style=\"background-image: url(https:\/\/lacamporena.it\/wp-content\/uploads\/2014\/07\/camera1.jpg);\"><\/div>\n\t\t\t<div class=\"et_pb_container clearfix\">\n\t\t\t\t\n\t\t\t\t<div class=\"et_pb_slide_description\">\n\t\t\t\t\t<h2>Die Welt ist ein Buch, und wer nicht verreist, liest nur eine Seite.<\/h2>\n\t\t\t\t\t<div class=\"et_pb_slide_content\">\n<p>Sant\u2019Agostino<\/p>\n<\/div>\n\t\t\t\t\t\n\t\t\t\t<\/div> <!-- .et_pb_slide_description -->\n\t\t\t<\/div> <!-- .et_pb_container -->\n\t\t\t\n\t\t<\/div> <!-- .et_pb_slide -->\n\t\t<div class=\"et_pb_slide et_pb_bg_layout_light et_pb_media_alignment_center\" style='background-color:#ffffff;'>\n\t\t\t<div class=\"et_parallax_bg et_pb_parallax_css\" style=\"background-image: url(https:\/\/lacamporena.it\/wp-content\/uploads\/2014\/07\/panoramica-suite-1-2-FILEminimizer3.jpg);\"><\/div>\n\t\t\t<div class=\"et_pb_container clearfix\">\n\t\t\t\t\n\t\t\t\t<div class=\"et_pb_slide_description\">\n\t\t\t\t\t<h2>Die besten Entdeckungsreisen macht man, wenn man die Welt mit anderen Augen sieht.<\/h2>\n\t\t\t\t\t<div class=\"et_pb_slide_content\">\n<p>M. Proust<\/p>\n<\/div>\n\t\t\t\t\t\n\t\t\t\t<\/div> <!-- .et_pb_slide_description -->\n\t\t\t<\/div> <!-- .et_pb_container -->\n\t\t\t\n\t\t<\/div> <!-- .et_pb_slide -->\n\t\t<div class=\"et_pb_slide et_pb_bg_layout_light et_pb_media_alignment_center\" style='background-color:#ffffff;'>\n\t\t\t<div class=\"et_parallax_bg et_pb_parallax_css\" style=\"background-image: url(https:\/\/lacamporena.it\/wp-content\/uploads\/2014\/07\/bistecca-fiorentina-e-vino-la-camporena-ristorante-anna2.jpg);\"><\/div>\n\t\t\t<div class=\"et_pb_container clearfix\">\n\t\t\t\t\n\t\t\t\t<div class=\"et_pb_slide_description\">\n\t\t\t\t\t<h2>Ein Mahlzeit ohne Wein ist wie ein Tag ohne Sonne.<\/h2>\n\t\t\t\t\t<div class=\"et_pb_slide_content\">\n<p>Anthelme Brillat-Savarin<\/p>\n<\/div>\n\t\t\t\t\t\n\t\t\t\t<\/div> <!-- .et_pb_slide_description -->\n\t\t\t<\/div> <!-- .et_pb_container -->\n\t\t\t\n\t\t<\/div> <!-- .et_pb_slide -->\n\t\t<div class=\"et_pb_slide et_pb_bg_layout_light et_pb_media_alignment_center\" style='background-color:#ffffff;'>\n\t\t\t<div class=\"et_parallax_bg et_pb_parallax_css\" style=\"background-image: url(https:\/\/lacamporena.it\/wp-content\/uploads\/2014\/07\/piscina-nel-verde-degli-ulivi12.jpg);\"><\/div>\n\t\t\t<div class=\"et_pb_container clearfix\">\n\t\t\t\t\n\t\t\t\t<div class=\"et_pb_slide_description\">\n\t\t\t\t\t<h2>Der Wein ist die Antwort der Erde auf die Sonne.<\/h2>\n\t\t\t\t\t<div class=\"et_pb_slide_content\">\n<p>Margaret Fuller<\/p>\n<\/div>\n\t\t\t\t\t\n\t\t\t\t<\/div> <!-- .et_pb_slide_description -->\n\t\t\t<\/div> <!-- .et_pb_container -->\n\t\t\t\n\t\t<\/div> <!-- .et_pb_slide -->\n\t\t\n\t\t\t<\/div> <!-- .et_pb_slides -->\n\t\t<\/div> <!-- .et_pb_slider -->\n\t\t\n\t\t\t\n\t\t<\/div> <!-- .et_pb_section --><div class=\"et_pb_section et_pb_section_parallax bcgBlurbUp et_section_regular\" style='background-color:#ffffff;'>\n\t\t\t<div class=\"et_parallax_bg et_pb_parallax_css\" style=\"background-image: url(https:\/\/lacamporena.it\/wp-content\/uploads\/2014\/11\/botte1.jpg);\"><\/div>\n\t\t\t\n\t\t\t\t\n\t\t\t\t<div class=\"et_pb_row\">\n\t\t\t<div class=\"et_pb_column et_pb_column_1_3\">\n\t\t\t<div id=\"homeBlurb1\" class=\"et_pb_blurb et_pb_bg_layout_light et_pb_text_align_center homeBlurb et_pb_blurb_position_top\">\n\t\t\t<div class=\"et_pb_blurb_content\">\n\t\t\t\t<div class=\"et_pb_main_blurb_image\"><a href=\"https:\/\/lacamporena.it\/de\/agriturismo\/\"><img src=\"https:\/\/lacamporena.it\/wp-content\/uploads\/2014\/07\/agriturismo-anna-vista-dalla-piscina11.jpg\" alt=\"\" class=\"et-waypoint et_pb_animation_top\" \/><\/a><\/div>\n\t\t\t\t\n\t\t\t\t\n\t\t\t<\/div> <!-- .et_pb_blurb_content -->\n\t\t<\/div> <!-- .et_pb_blurb --><div class=\"et_pb_promo et_pb_bg_layout_light et_pb_text_align_center et_pb_no_bg\">\n\t\t\t<div class=\"et_pb_promo_description\">\n\t\t\t\t\n\t\t\t\t\n\t\t\t<\/div>\n\t\t\t<a class=\"et_pb_promo_button\" href=\"https:\/\/lacamporena.it\/de\/agriturismo\/\">AGRITURISMO<\/a>\n\t\t<\/div>\n\t\t<\/div> <!-- .et_pb_column --><div class=\"et_pb_column et_pb_column_1_3\">\n\t\t\t<div id=\"homeBlurb2\" class=\"et_pb_blurb et_pb_bg_layout_light et_pb_text_align_center homeBlurb et_pb_blurb_position_top\">\n\t\t\t<div class=\"et_pb_blurb_content\">\n\t\t\t\t<div class=\"et_pb_main_blurb_image\"><a href=\"https:\/\/lacamporena.it\/de\/agriturismo\/pool\/\"><img src=\"https:\/\/lacamporena.it\/wp-content\/uploads\/2014\/07\/piscina-nel-verde-degli-ulivi2.jpg\" alt=\"La Piscina\" class=\"et-waypoint et_pb_animation_top\" \/><\/a><\/div>\n\t\t\t\t\n\t\t\t\t\n\t\t\t<\/div> <!-- .et_pb_blurb_content -->\n\t\t<\/div> <!-- .et_pb_blurb --><div class=\"et_pb_promo et_pb_bg_layout_light et_pb_text_align_center et_pb_no_bg\">\n\t\t\t<div class=\"et_pb_promo_description\">\n\t\t\t\t\n\t\t\t\t\n\t\t\t<\/div>\n\t\t\t<a class=\"et_pb_promo_button\" href=\"https:\/\/lacamporena.it\/de\/agriturismo\/pool\/\">POOL<\/a>\n\t\t<\/div>\n\t\t<\/div> <!-- .et_pb_column --><div class=\"et_pb_column et_pb_column_1_3\">\n\t\t\t<div id=\"homeBlurb3\" class=\"et_pb_blurb et_pb_bg_layout_light et_pb_text_align_center homeBlurb et_pb_blurb_position_top\">\n\t\t\t<div class=\"et_pb_blurb_content\">\n\t\t\t\t<div class=\"et_pb_main_blurb_image\"><a href=\"https:\/\/lacamporena.it\/de\/zimmer\/suite\/\"><img src=\"https:\/\/lacamporena.it\/wp-content\/uploads\/2014\/07\/panoramica-suite-1-2-FILEminimizer.jpg\" alt=\"\" class=\"et-waypoint et_pb_animation_top\" \/><\/a><\/div>\n\t\t\t\t\n\t\t\t\t\n\t\t\t<\/div> <!-- .et_pb_blurb_content -->\n\t\t<\/div> <!-- .et_pb_blurb --><div class=\"et_pb_promo et_pb_bg_layout_light et_pb_text_align_center et_pb_no_bg\">\n\t\t\t<div class=\"et_pb_promo_description\">\n\t\t\t\t\n\t\t\t\t\n\t\t\t<\/div>\n\t\t\t<a class=\"et_pb_promo_button\" href=\"https:\/\/lacamporena.it\/de\/zimmer\/suite\/\">SUITE<\/a>\n\t\t<\/div>\n\t\t<\/div> <!-- .et_pb_column -->\n\t\t<\/div> <!-- .et_pb_row --><div class=\"et_pb_row\">\n\t\t\t<div class=\"et_pb_column et_pb_column_1_3\">\n\t\t\t<div id=\"homeBlurb4\" class=\"et_pb_blurb et_pb_bg_layout_light et_pb_text_align_center homeBlurb et_pb_blurb_position_top\">\n\t\t\t<div class=\"et_pb_blurb_content\">\n\t\t\t\t<div class=\"et_pb_main_blurb_image\"><a href=\"https:\/\/lacamporena.it\/de\/restaurant\/\"><img src=\"https:\/\/lacamporena.it\/wp-content\/uploads\/2014\/07\/primo-piatto-pasta-fatta-a-mano-ristorante1.jpg\" alt=\"\" class=\"et-waypoint et_pb_animation_top\" \/><\/a><\/div>\n\t\t\t\t\n\t\t\t\t\n\t\t\t<\/div> <!-- .et_pb_blurb_content -->\n\t\t<\/div> <!-- .et_pb_blurb --><div class=\"et_pb_promo et_pb_bg_layout_light et_pb_text_align_center et_pb_no_bg\">\n\t\t\t<div class=\"et_pb_promo_description\">\n\t\t\t\t\n\t\t\t\t\n\t\t\t<\/div>\n\t\t\t<a class=\"et_pb_promo_button\" href=\"https:\/\/lacamporena.it\/de\/restaurant\/\">RESTAURANT<\/a>\n\t\t<\/div>\n\t\t<\/div> <!-- .et_pb_column --><div class=\"et_pb_column et_pb_column_1_3\">\n\t\t\t<div id=\"homeBlurb5\" class=\"et_pb_blurb et_pb_bg_layout_light et_pb_text_align_center homeBlurb et_pb_blurb_position_top\">\n\t\t\t<div class=\"et_pb_blurb_content\">\n\t\t\t\t<div class=\"et_pb_main_blurb_image\"><a href=\"https:\/\/lacamporena.it\/de\/agriturismo\/outdoor\/\"><img src=\"https:\/\/lacamporena.it\/wp-content\/uploads\/2014\/07\/particolare-agriturismo2.jpg\" alt=\"\" class=\"et-waypoint et_pb_animation_top\" \/><\/a><\/div>\n\t\t\t\t\n\t\t\t\t\n\t\t\t<\/div> <!-- .et_pb_blurb_content -->\n\t\t<\/div> <!-- .et_pb_blurb --><div class=\"et_pb_promo et_pb_bg_layout_light et_pb_text_align_center et_pb_no_bg\">\n\t\t\t<div class=\"et_pb_promo_description\">\n\t\t\t\t\n\t\t\t\t\n\t\t\t<\/div>\n\t\t\t<a class=\"et_pb_promo_button\" href=\"https:\/\/lacamporena.it\/de\/agriturismo\/outdoor\/\">OUTDOOR<\/a>\n\t\t<\/div>\n\t\t<\/div> <!-- .et_pb_column --><div class=\"et_pb_column et_pb_column_1_3\">\n\t\t\t<div id=\"homeBlurb6\" class=\"et_pb_blurb et_pb_bg_layout_light et_pb_text_align_center homeBlurb et_pb_blurb_position_top\">\n\t\t\t<div class=\"et_pb_blurb_content\">\n\t\t\t\t<div class=\"et_pb_main_blurb_image\"><a href=\"https:\/\/lacamporena.it\/de\/umgebung\/\"><img src=\"https:\/\/lacamporena.it\/wp-content\/uploads\/2014\/07\/palio-di-siena-eventi1.jpg\" alt=\"\" class=\"et-waypoint et_pb_animation_top\" \/><\/a><\/div>\n\t\t\t\t\n\t\t\t\t\n\t\t\t<\/div> <!-- .et_pb_blurb_content -->\n\t\t<\/div> <!-- .et_pb_blurb --><div class=\"et_pb_promo et_pb_bg_layout_light et_pb_text_align_center et_pb_no_bg\">\n\t\t\t<div class=\"et_pb_promo_description\">\n\t\t\t\t\n\t\t\t\t\n\t\t\t<\/div>\n\t\t\t<a class=\"et_pb_promo_button\" href=\"https:\/\/lacamporena.it\/de\/umgebung\/\">UMGEBUNG<\/a>\n\t\t<\/div>\n\t\t<\/div> <!-- .et_pb_column -->\n\t\t<\/div> <!-- .et_pb_row -->\n\t\t\t\n\t\t<\/div> <!-- .et_pb_section --><div class=\"et_pb_section et_pb_section_parallax bcgBlurb et_section_regular\" style='background-color:#ffffff;'>\n\t\t\t<div class=\"et_parallax_bg et_pb_parallax_css\" style=\"background-image: url(https:\/\/lacamporena.it\/wp-content\/uploads\/2014\/07\/footBg1.jpg);\"><\/div>\n\t\t\t\n\t\t\t\t\n\t\t\t\t<div class=\"et_pb_row\">\n\t\t\t<div class=\"et_pb_column et_pb_column_4_4\">\n\t\t\t<div class=\"et_pb_text et_pb_bg_layout_light et_pb_text_align_left\">\n\t\t\t\n<div style=\"font-size: 16px; color: #fff; padding: 35px;\">\n<p><a href=\"https:\/\/lacamporena.it\/wp-content\/uploads\/2014\/11\/storiche.png\" data-rel=\"lightbox-image-0\" data-rl_title=\"\" data-rl_caption=\"\" title=\"\"><img decoding=\"async\" loading=\"lazy\" class=\"fotoStorica alignleft wp-image-4836 size-full\" src=\"https:\/\/lacamporena.it\/wp-content\/uploads\/2014\/11\/storiche.png\" alt=\"\" width=\"257\" height=\"350\" srcset=\"https:\/\/lacamporena.it\/wp-content\/uploads\/2014\/11\/storiche.png 257w, https:\/\/lacamporena.it\/wp-content\/uploads\/2014\/11\/storiche-220x300.png 220w\" sizes=\"(max-width: 257px) 100vw, 257px\" \/><\/a><\/p>\n<div style=\"font-size: 29px; color: #fff; font-style: italic; margin-bottom: 20px; font-family: georgia;\">Mein Vater hatte einen Traum&#8230;<\/div>\n<p>Mein Vater, der \u00e4lteste von drei S\u00f6hnen, war noch ein Junge als der Krieg in Florenz vorbeikam, aber in dieser Zeit war man bereits ein Mann, auch mit nur 13 Jahren. Der Krieg hatte der Kaufmansfamilie alles genommen. Aber ein Traum \u00fcberwindet auch den Hunger und man f\u00e4ngt wieder an zu arbeiten und zu leben. Mit dem Fahrrad , und viel Einsatz wurde die Arbeit wieder augenommen. Das Pferd ersetzt das Fahrrad und wird dann mit dem ersten LKW ersetzt. Mein Vater hatte einen Traum. Die Arbeit, der Respekt f\u00fcr die Kunden, und die Intuition. Und dieser Traum bringt ihn nach Greve und er kauft \u2018Camporena\u2019. Hier begann sein neues Abenteuer, mit grossen Opfern aber auch grossen Befriedigungen. Eine ganz neue Arbeit in einer ganz anderen Arbeitswelt. Wieviel Aufwand und Schweiss auf der Stirn voller Gedanken und Sorgen. Und wie viel Entschlossenheit und Ehrgeiz in seinem Kopf. Mein Vater hatte einen Traum, zu wachsen, sein Leben zu wenden und einen neuen Agriturismus aufzubauen. Eines Tages, w\u00e4hrend ich die Sammlung meines Vaters von alten Weinflaschen anschaute, wurde ich auf eine Flasche des Jahrgangs 1967, meinem Geburtsjahr, aufmerksam, und ich hatte das Gef\u00fchl mein Herz w\u00fcrde f\u00fcr einen Moment stillstehen und meine Augen f\u00fcllten sich mit Tr\u00e4nen. Die Weinetikette war von der \u2018Camporena\u2019. Mein Vater hatte einen Traum und dies war der Anfang von meinem. Ich begann im Jahr 2006 meinen ersten eigenen Wein zu produzieren, mit Leuten, die wie ich, mit H\u00e4nden und Herz arbeiten. Heute kann ich mit Stolz meinen eigenen Wein vorstellen, in dem Versuch den Sinn des Lebens in einem Weinglas zusammenzufassen, die langen Monaten der Arbeit und Wartezeit um sich auf das Resultat zu freuen. Denn, anders als viele Leute denken, wird der Wein nicht im Keller geboren. Der Wein ensteht aus dem Land, den Reben, dem Schweiss und der Hingabe. Ich habe einen Traum, und wenn Sie meinen Wein auf Ihren Lippen sp\u00fcren, wird er ihnen davon erz\u00e4hlen.<br \/>\nGewidmet meinem Vater, dem gr\u00f6ssten Mann in meinem Leben.<\/p>\n<p><span style=\"color: #fff; font-style: italic; font-family: georgia;\"><em>Giorgio Giorgi &#8211; geboren 1927<\/em><\/span><\/p>\n<\/div>\n\n\t\t<\/div> <!-- .et_pb_text -->\n\t\t<\/div> <!-- .et_pb_column -->\n\t\t<\/div> <!-- .et_pb_row -->\n\t\t\t\n\t\t<\/div> <!-- .et_pb_section --><div class=\"et_pb_section home_news et_section_regular\" style='background-color:#ae6868;background-image:url(https:\/\/lacamporena.it\/wp-content\/uploads\/2014\/07\/italy-sienna-palio-di-siena.jpg);'>\n\t\t\t\n\t\t\t\n\t\t\t\t\n\t\t\t\t<div class=\"et_pb_row\">\n\t\t\t<div class=\"et_pb_column et_pb_column_4_4\">\n\t\t\t<div class=\"et_pb_text et_pb_bg_layout_light et_pb_text_align_left\">\n\t\t\t<ul class=\"lcp_catlist\" id=\"lcp_instance_0\"><li><a href=\"https:\/\/lacamporena.it\/?p=3609\" class=\"title_news_home\">EVENTI ANNUALI<\/a><span><a href=\"https:\/\/lacamporena.it\/?p=3609\" title=\"EVENTI ANNUALI\"><img width=\"1024\" height=\"687\" src=\"https:\/\/lacamporena.it\/wp-content\/uploads\/2014\/07\/arezzo-giostra-saracino-1024x687.jpg\" class=\"thumb_news_home wp-post-image\" alt=\"EVENTI ANNUALI\" decoding=\"async\" loading=\"lazy\" srcset=\"https:\/\/lacamporena.it\/wp-content\/uploads\/2014\/07\/arezzo-giostra-saracino-1024x687.jpg 1024w, https:\/\/lacamporena.it\/wp-content\/uploads\/2014\/07\/arezzo-giostra-saracino-300x201.jpg 300w, https:\/\/lacamporena.it\/wp-content\/uploads\/2014\/07\/arezzo-giostra-saracino-510x342.jpg 510w, https:\/\/lacamporena.it\/wp-content\/uploads\/2014\/07\/arezzo-giostra-saracino-1080x724.jpg 1080w, https:\/\/lacamporena.it\/wp-content\/uploads\/2014\/07\/arezzo-giostra-saracino.jpg 1800w\" sizes=\"(max-width: 1024px) 100vw, 1024px\" \/><\/a><\/span><div class=\"excerpt_news_home\">Molti eventi si ripetono ogni anno in Toscana, l&#8217;Agriturismo Anna ve ne consiglia alcuni per vivere dei momenti di gioia ...<\/div><a href=\"https:\/\/lacamporena.it\/?p=3609\" class=\"more_news_home\">Weiterlesen<\/a><\/li><\/ul>\n\t\t<\/div> <!-- .et_pb_text -->\n\t\t<\/div> <!-- .et_pb_column -->\n\t\t<\/div> <!-- .et_pb_row -->\n\t\t\t\n\t\t<\/div> <!-- .et_pb_section --><div class=\"et_pb_section et_pb_inner_shadow et_section_regular\" style='background-color:#ae6868;'>\n\t\t\t\n\t\t\t\n\t\t\t\t\n\t\t\t\t<div class=\"et_pb_row\">\n\t\t\t<div class=\"et_pb_column et_pb_column_1_4\">\n\t\t\t<div class=\"et_pb_blurb et_pb_bg_layout_light et_pb_text_align_center homeBlurb et_pb_blurb_position_top\">\n\t\t\t<div class=\"et_pb_blurb_content\">\n\t\t\t\t<div class=\"et_pb_main_blurb_image\"><a href=\"https:\/\/lacamporena.it\/de\/shop\/weine\/chianti-classico-d-c-g-camporena-2010-lt-0750\"><img src=\"https:\/\/lacamporena.it\/wp-content\/uploads\/2014\/07\/chianti-classico-docg.jpg\" alt=\" CHIANTI CLASSICO D.O.C.G. LA CAMPORENA \u2013 LT 0,750\" class=\"et-waypoint et_pb_animation_top\" \/><\/a><\/div>\n\t\t\t\t<h4><a href=\"https:\/\/lacamporena.it\/de\/shop\/weine\/chianti-classico-d-c-g-camporena-2010-lt-0750\"> CHIANTI CLASSICO D.O.C.G. LA CAMPORENA \u2013 LT 0,750<\/a><\/h4>\n\t\t\t\t\n\t\t\t<\/div> <!-- .et_pb_blurb_content -->\n\t\t<\/div> <!-- .et_pb_blurb -->\n\t\t<\/div> <!-- .et_pb_column --><div class=\"et_pb_column et_pb_column_1_4\">\n\t\t\t<div class=\"et_pb_blurb et_pb_bg_layout_light et_pb_text_align_center homeBlurb et_pb_blurb_position_top\">\n\t\t\t<div class=\"et_pb_blurb_content\">\n\t\t\t\t<div class=\"et_pb_main_blurb_image\"><a href=\"https:\/\/lacamporena.it\/de\/shop\/weine\/chianti-classico-d-c-g-riserva-2010-lt-0750\/\"><img src=\"https:\/\/lacamporena.it\/wp-content\/uploads\/2014\/07\/chianti-classico-docg-riserva.jpg\" alt=\"CHIANTI CLASSICO D.O.C.G. RISERVA \u2013 LT 0,750\" class=\"et-waypoint et_pb_animation_top\" \/><\/a><\/div>\n\t\t\t\t<h4><a href=\"https:\/\/lacamporena.it\/de\/shop\/weine\/chianti-classico-d-c-g-riserva-2010-lt-0750\/\">CHIANTI CLASSICO D.O.C.G. RISERVA \u2013 LT 0,750<\/a><\/h4>\n\t\t\t\t\n\t\t\t<\/div> <!-- .et_pb_blurb_content -->\n\t\t<\/div> <!-- .et_pb_blurb -->\n\t\t<\/div> <!-- .et_pb_column --><div class=\"et_pb_column et_pb_column_1_4\">\n\t\t\t<div class=\"et_pb_blurb et_pb_bg_layout_light et_pb_text_align_center homeBlurb et_pb_blurb_position_top\">\n\t\t\t<div class=\"et_pb_blurb_content\">\n\t\t\t\t<div class=\"et_pb_main_blurb_image\"><a href=\"https:\/\/lacamporena.it\/de\/shop\/weine\/grappa-chianti-classico-camporena-lt-0500\/\"><img src=\"https:\/\/lacamporena.it\/wp-content\/uploads\/2014\/07\/grappa-chianti-classico.jpg\" alt=\"GRAPPA DI CHIANTI CLASSICO LA CAMPORENA \u2013 LT 0,500\" class=\"et-waypoint et_pb_animation_top\" \/><\/a><\/div>\n\t\t\t\t<h4><a href=\"https:\/\/lacamporena.it\/de\/shop\/weine\/grappa-chianti-classico-camporena-lt-0500\/\">GRAPPA DI CHIANTI CLASSICO LA CAMPORENA<\/a><\/h4>\n\t\t\t\t\n\t\t\t<\/div> <!-- .et_pb_blurb_content -->\n\t\t<\/div> <!-- .et_pb_blurb -->\n\t\t<\/div> <!-- .et_pb_column --><div class=\"et_pb_column et_pb_column_1_4\">\n\t\t\t<div class=\"et_pb_blurb et_pb_bg_layout_light et_pb_text_align_center homeBlurb et_pb_blurb_position_top\">\n\t\t\t<div class=\"et_pb_blurb_content\">\n\t\t\t\t<div class=\"et_pb_main_blurb_image\"><a href=\"https:\/\/lacamporena.it\/de\/shop\/olivenol\/olio-extravergine-oliva-camporena-0750-lt\/\"><img src=\"https:\/\/lacamporena.it\/wp-content\/uploads\/2014\/07\/olio-extra-vergine.jpg\" alt=\"OLIO EXTRAVERGINE DI OLIVA LA CAMPORENA 0,750 LT\" class=\"et-waypoint et_pb_animation_top\" \/><\/a><\/div>\n\t\t\t\t<h4><a href=\"https:\/\/lacamporena.it\/de\/shop\/olivenol\/olio-extravergine-oliva-camporena-0750-lt\/\">OLIO EXTRAVERGINE DI OLIVA LA CAMPORENA <\/a><\/h4>\n\t\t\t\t\n\t\t\t<\/div> <!-- .et_pb_blurb_content -->\n\t\t<\/div> <!-- .et_pb_blurb -->\n\t\t<\/div> <!-- .et_pb_column -->\n\t\t<\/div> <!-- .et_pb_row -->\n\t\t\t\n\t\t<\/div> <!-- .et_pb_section --><\/p>\n","protected":false},"excerpt":{"rendered":"","protected":false},"author":12,"featured_media":0,"parent":0,"menu_order":0,"comment_status":"open","ping_status":"closed","template":"","meta":{"_expiration-date-status":"saved","_expiration-date":0,"_expiration-date-type":"","_expiration-date-categories":[],"_expiration-date-options":[]},"categories":[],"tags":[],"_links":{"self":[{"href":"https:\/\/lacamporena.it\/index.php?rest_route=\/wp\/v2\/pages\/2242"}],"collection":[{"href":"https:\/\/lacamporena.it\/index.php?rest_route=\/wp\/v2\/pages"}],"about":[{"href":"https:\/\/lacamporena.it\/index.php?rest_route=\/wp\/v2\/types\/page"}],"author":[{"embeddable":true,"href":"https:\/\/lacamporena.it\/index.php?rest_route=\/wp\/v2\/users\/12"}],"replies":[{"embeddable":true,"href":"https:\/\/lacamporena.it\/index.php?rest_route=%2Fwp%2Fv2%2Fcomments&post=2242"}],"version-history":[{"count":1,"href":"https:\/\/lacamporena.it\/index.php?rest_route=\/wp\/v2\/pages\/2242\/revisions"}],"predecessor-version":[{"id":4964,"href":"https:\/\/lacamporena.it\/index.php?rest_route=\/wp\/v2\/pages\/2242\/revisions\/4964"}],"wp:attachment":[{"href":"https:\/\/lacamporena.it\/index.php?rest_route=%2Fwp%2Fv2%2Fmedia&parent=2242"}],"wp:term":[{"taxonomy":"category","embeddable":true,"href":"https:\/\/lacamporena.it\/index.php?rest_route=%2Fwp%2Fv2%2Fcategories&post=2242"},{"taxonomy":"post_tag","embeddable":true,"href":"https:\/\/lacamporena.it\/index.php?rest_route=%2Fwp%2Fv2%2Ftags&post=2242"}],"curies":[{"name":"wp","href":"https:\/\/api.w.org\/{rel}","templated":true}]}}